{"id":1703,"date":"2022-07-12T09:22:14","date_gmt":"2022-07-12T08:22:14","guid":{"rendered":"https:\/\/cordomonte.com\/?page_id=1703"},"modified":"2022-07-12T09:30:32","modified_gmt":"2022-07-12T08:30:32","slug":"nouveaux-produits","status":"publish","type":"page","link":"https:\/\/cordomonte.com\/fr\/nouveaux-produits\/","title":{"rendered":"Nouveaux produits"},"content":{"rendered":"<div data-block-name=\"woocommerce\/product-new\" class=\"wc-block-grid wp-block-product-new wc-block-product-new has-3-columns has-multiple-rows\"><ul class=\"wc-block-grid__products\"><li class=\"wc-block-grid__product\">\n\t\t\t\t<a href=\"https:\/\/cordomonte.com\/fr\/produtos\/casquette-vert-olive-avec-logo-cor-do-monte-en-orange\/\" class=\"wc-block-grid__product-link\">\n\t\t\t\t\t<div class=\"wc-block-grid__product-image\"><img width=\"400\" height=\"400\" src=\"https:\/\/cordomonte.com\/wp-content\/uploads\/2022\/09\/H8-400x400.jpg\" class=\"attachment-woocommerce_thumbnail size-woocommerce_thumbnail\" alt=\"Casquette vert olive avec logo &quot;Cor do Monte&quot; en orange\" decoding=\"async\" loading=\"lazy\" srcset=\"https:\/\/cordomonte.com\/wp-content\/uploads\/2022\/09\/H8-400x400.jpg 400w, https:\/\/cordomonte.com\/wp-content\/uploads\/2022\/09\/H8-300x300.jpg 300w, https:\/\/cordomonte.com\/wp-content\/uploads\/2022\/09\/H8-1024x1024.jpg 1024w, https:\/\/cordomonte.com\/wp-content\/uploads\/2022\/09\/H8-150x150.jpg 150w, https:\/\/cordomonte.com\/wp-content\/uploads\/2022\/09\/H8-768x768.jpg 768w, https:\/\/cordomonte.com\/wp-content\/uploads\/2022\/09\/H8-1536x1536.jpg 1536w, https:\/\/cordomonte.com\/wp-content\/uploads\/2022\/09\/H8-2048x2048.jpg 2048w, https:\/\/cordomonte.com\/wp-content\/uploads\/2022\/09\/H8-945x945.jpg 945w, https:\/\/cordomonte.com\/wp-content\/uploads\/2022\/09\/H8-198x198.jpg 198w\" sizes=\"(max-width: 400px) 100vw, 400px\" \/><\/div>\n\t\t\t\t\t<div class=\"wc-block-grid__product-title\">Casquette vert olive avec logo &#8220;Cor do Monte&#8221; en orange<\/div>\n\t\t\t\t<\/a>\n\t\t\t\t\n\t\t\t\t<div class=\"wc-block-grid__product-price price\"><span class=\"woocommerce-Price-amount amount\">14,90<span class=\"woocommerce-Price-currencySymbol\">&euro;<\/span><\/span> <small class=\"woocommerce-price-suffix\">(IVA incl.)<\/small><\/div>\n\t\t\t\t\n\t\t\t\t<div class=\"wp-block-button wc-block-grid__product-add-to-cart\"><a href=\"https:\/\/cordomonte.com\/fr\/produtos\/casquette-vert-olive-avec-logo-cor-do-monte-en-orange\/\" aria-label=\"S\u00e9lectionner les options pour &ldquo;Casquette vert olive avec logo &quot;Cor do Monte&quot; en orange&rdquo;\" data-quantity=\"1\" data-product_id=\"2856\" data-product_sku=\"H8\" rel=\"nofollow\" class=\"wp-block-button__link add_to_cart_button\">Choix des options<\/a><\/div>\n\t\t\t<\/li><li class=\"wc-block-grid__product\">\n\t\t\t\t<a href=\"https:\/\/cordomonte.com\/fr\/produtos\/casquette-vert-avec-protection-avec-logo-cor-do-monte-marron\/\" class=\"wc-block-grid__product-link\">\n\t\t\t\t\t<div class=\"wc-block-grid__product-image\"><img width=\"400\" height=\"400\" src=\"https:\/\/cordomonte.com\/wp-content\/uploads\/2022\/09\/H7-400x400.jpg\" class=\"attachment-woocommerce_thumbnail size-woocommerce_thumbnail\" alt=\"Casquette vert avec protection avec logo &quot;Cor do Monte&quot; marron\" decoding=\"async\" loading=\"lazy\" srcset=\"https:\/\/cordomonte.com\/wp-content\/uploads\/2022\/09\/H7-400x400.jpg 400w, https:\/\/cordomonte.com\/wp-content\/uploads\/2022\/09\/H7-300x300.jpg 300w, https:\/\/cordomonte.com\/wp-content\/uploads\/2022\/09\/H7-1024x1024.jpg 1024w, https:\/\/cordomonte.com\/wp-content\/uploads\/2022\/09\/H7-150x150.jpg 150w, https:\/\/cordomonte.com\/wp-content\/uploads\/2022\/09\/H7-768x768.jpg 768w, https:\/\/cordomonte.com\/wp-content\/uploads\/2022\/09\/H7-1536x1536.jpg 1536w, https:\/\/cordomonte.com\/wp-content\/uploads\/2022\/09\/H7-2048x2048.jpg 2048w, https:\/\/cordomonte.com\/wp-content\/uploads\/2022\/09\/H7-945x945.jpg 945w, https:\/\/cordomonte.com\/wp-content\/uploads\/2022\/09\/H7-198x198.jpg 198w\" sizes=\"(max-width: 400px) 100vw, 400px\" \/><\/div>\n\t\t\t\t\t<div class=\"wc-block-grid__product-title\">Casquette vert avec protection avec logo &#8220;Cor do Monte&#8221; marron<\/div>\n\t\t\t\t<\/a>\n\t\t\t\t\n\t\t\t\t<div class=\"wc-block-grid__product-price price\"><span class=\"woocommerce-Price-amount amount\">9,90<span class=\"woocommerce-Price-currencySymbol\">&euro;<\/span><\/span> <small class=\"woocommerce-price-suffix\">(IVA incl.)<\/small><\/div>\n\t\t\t\t\n\t\t\t\t<div class=\"wp-block-button wc-block-grid__product-add-to-cart\"><a href=\"https:\/\/cordomonte.com\/fr\/produtos\/casquette-vert-avec-protection-avec-logo-cor-do-monte-marron\/\" aria-label=\"S\u00e9lectionner les options pour &ldquo;Casquette vert avec protection avec logo &quot;Cor do Monte&quot; marron&rdquo;\" data-quantity=\"1\" data-product_id=\"2840\" data-product_sku=\"H7\" rel=\"nofollow\" class=\"wp-block-button__link add_to_cart_button\">Choix des options<\/a><\/div>\n\t\t\t<\/li><li class=\"wc-block-grid__product\">\n\t\t\t\t<a href=\"https:\/\/cordomonte.com\/fr\/produtos\/casquette-verte-avec-logo-cor-do-monte-marron\/\" class=\"wc-block-grid__product-link\">\n\t\t\t\t\t<div class=\"wc-block-grid__product-image\"><img width=\"400\" height=\"400\" src=\"https:\/\/cordomonte.com\/wp-content\/uploads\/2022\/09\/H6-400x400.jpg\" class=\"attachment-woocommerce_thumbnail size-woocommerce_thumbnail\" alt=\"Casquette verte avec logo &quot;Cor do Monte&quot; marron\" decoding=\"async\" loading=\"lazy\" srcset=\"https:\/\/cordomonte.com\/wp-content\/uploads\/2022\/09\/H6-400x400.jpg 400w, https:\/\/cordomonte.com\/wp-content\/uploads\/2022\/09\/H6-300x300.jpg 300w, https:\/\/cordomonte.com\/wp-content\/uploads\/2022\/09\/H6-1024x1024.jpg 1024w, https:\/\/cordomonte.com\/wp-content\/uploads\/2022\/09\/H6-150x150.jpg 150w, https:\/\/cordomonte.com\/wp-content\/uploads\/2022\/09\/H6-768x768.jpg 768w, https:\/\/cordomonte.com\/wp-content\/uploads\/2022\/09\/H6-1536x1536.jpg 1536w, https:\/\/cordomonte.com\/wp-content\/uploads\/2022\/09\/H6-2048x2048.jpg 2048w, https:\/\/cordomonte.com\/wp-content\/uploads\/2022\/09\/H6-945x945.jpg 945w, https:\/\/cordomonte.com\/wp-content\/uploads\/2022\/09\/H6-198x198.jpg 198w\" sizes=\"(max-width: 400px) 100vw, 400px\" \/><\/div>\n\t\t\t\t\t<div class=\"wc-block-grid__product-title\">Casquette verte avec logo &#8220;Cor do Monte&#8221; marron<\/div>\n\t\t\t\t<\/a>\n\t\t\t\t\n\t\t\t\t<div class=\"wc-block-grid__product-price price\"><span class=\"woocommerce-Price-amount amount\">9,90<span class=\"woocommerce-Price-currencySymbol\">&euro;<\/span><\/span> <small class=\"woocommerce-price-suffix\">(IVA incl.)<\/small><\/div>\n\t\t\t\t\n\t\t\t\t<div class=\"wp-block-button wc-block-grid__product-add-to-cart\"><a href=\"https:\/\/cordomonte.com\/fr\/produtos\/casquette-verte-avec-logo-cor-do-monte-marron\/\" aria-label=\"S\u00e9lectionner les options pour &ldquo;Casquette verte avec logo &quot;Cor do Monte&quot; marron&rdquo;\" data-quantity=\"1\" data-product_id=\"2824\" data-product_sku=\"H6\" rel=\"nofollow\" class=\"wp-block-button__link add_to_cart_button\">Choix des options<\/a><\/div>\n\t\t\t<\/li><li class=\"wc-block-grid__product\">\n\t\t\t\t<a href=\"https:\/\/cordomonte.com\/fr\/produtos\/casquette-vert-foret-avec-logo-cor-do-monte-en-orange\/\" class=\"wc-block-grid__product-link\">\n\t\t\t\t\t<div class=\"wc-block-grid__product-image\"><img width=\"400\" height=\"400\" src=\"https:\/\/cordomonte.com\/wp-content\/uploads\/2022\/09\/H5-400x400.jpg\" class=\"attachment-woocommerce_thumbnail size-woocommerce_thumbnail\" alt=\"Casquette vert for\u00eat avec logo &quot;Cor do Monte&quot; en orange\" decoding=\"async\" loading=\"lazy\" srcset=\"https:\/\/cordomonte.com\/wp-content\/uploads\/2022\/09\/H5-400x400.jpg 400w, https:\/\/cordomonte.com\/wp-content\/uploads\/2022\/09\/H5-300x300.jpg 300w, https:\/\/cordomonte.com\/wp-content\/uploads\/2022\/09\/H5-1024x1024.jpg 1024w, https:\/\/cordomonte.com\/wp-content\/uploads\/2022\/09\/H5-150x150.jpg 150w, https:\/\/cordomonte.com\/wp-content\/uploads\/2022\/09\/H5-768x768.jpg 768w, https:\/\/cordomonte.com\/wp-content\/uploads\/2022\/09\/H5-1536x1536.jpg 1536w, https:\/\/cordomonte.com\/wp-content\/uploads\/2022\/09\/H5-2048x2048.jpg 2048w, https:\/\/cordomonte.com\/wp-content\/uploads\/2022\/09\/H5-945x945.jpg 945w, https:\/\/cordomonte.com\/wp-content\/uploads\/2022\/09\/H5-198x198.jpg 198w\" sizes=\"(max-width: 400px) 100vw, 400px\" \/><\/div>\n\t\t\t\t\t<div class=\"wc-block-grid__product-title\">Casquette vert for\u00eat avec logo &#8220;Cor do Monte&#8221; en orange<\/div>\n\t\t\t\t<\/a>\n\t\t\t\t\n\t\t\t\t<div class=\"wc-block-grid__product-price price\"><span class=\"woocommerce-Price-amount amount\">9,90<span class=\"woocommerce-Price-currencySymbol\">&euro;<\/span><\/span> <small class=\"woocommerce-price-suffix\">(IVA incl.)<\/small><\/div>\n\t\t\t\t\n\t\t\t\t<div class=\"wp-block-button wc-block-grid__product-add-to-cart\"><a href=\"https:\/\/cordomonte.com\/fr\/produtos\/casquette-vert-foret-avec-logo-cor-do-monte-en-orange\/\" aria-label=\"S\u00e9lectionner les options pour &ldquo;Casquette vert for\u00eat avec logo &quot;Cor do Monte&quot; en orange&rdquo;\" data-quantity=\"1\" data-product_id=\"2807\" data-product_sku=\"H5\" rel=\"nofollow\" class=\"wp-block-button__link add_to_cart_button\">Choix des options<\/a><\/div>\n\t\t\t<\/li><li class=\"wc-block-grid__product\">\n\t\t\t\t<a href=\"https:\/\/cordomonte.com\/fr\/produtos\/casquette-marron-avec-logo-cor-do-monte-brode-en-vert\/\" class=\"wc-block-grid__product-link\">\n\t\t\t\t\t<div class=\"wc-block-grid__product-image\"><img width=\"400\" height=\"400\" src=\"https:\/\/cordomonte.com\/wp-content\/uploads\/2022\/09\/H4-400x400.jpg\" class=\"attachment-woocommerce_thumbnail size-woocommerce_thumbnail\" alt=\"Casquette marron avec logo &quot;Cor do Monte&quot; brod\u00e9 en vert\" decoding=\"async\" loading=\"lazy\" srcset=\"https:\/\/cordomonte.com\/wp-content\/uploads\/2022\/09\/H4-400x400.jpg 400w, https:\/\/cordomonte.com\/wp-content\/uploads\/2022\/09\/H4-300x300.jpg 300w, https:\/\/cordomonte.com\/wp-content\/uploads\/2022\/09\/H4-1024x1024.jpg 1024w, https:\/\/cordomonte.com\/wp-content\/uploads\/2022\/09\/H4-150x150.jpg 150w, https:\/\/cordomonte.com\/wp-content\/uploads\/2022\/09\/H4-768x768.jpg 768w, https:\/\/cordomonte.com\/wp-content\/uploads\/2022\/09\/H4-1536x1536.jpg 1536w, https:\/\/cordomonte.com\/wp-content\/uploads\/2022\/09\/H4-2048x2048.jpg 2048w, https:\/\/cordomonte.com\/wp-content\/uploads\/2022\/09\/H4-945x945.jpg 945w, https:\/\/cordomonte.com\/wp-content\/uploads\/2022\/09\/H4-198x198.jpg 198w\" sizes=\"(max-width: 400px) 100vw, 400px\" \/><\/div>\n\t\t\t\t\t<div class=\"wc-block-grid__product-title\">Casquette marron avec logo &#8220;Cor do Monte&#8221; brod\u00e9 en vert<\/div>\n\t\t\t\t<\/a>\n\t\t\t\t\n\t\t\t\t<div class=\"wc-block-grid__product-price price\"><span class=\"woocommerce-Price-amount amount\">9,90<span class=\"woocommerce-Price-currencySymbol\">&euro;<\/span><\/span> <small class=\"woocommerce-price-suffix\">(IVA incl.)<\/small><\/div>\n\t\t\t\t\n\t\t\t\t<div class=\"wp-block-button wc-block-grid__product-add-to-cart\"><a href=\"https:\/\/cordomonte.com\/fr\/produtos\/casquette-marron-avec-logo-cor-do-monte-brode-en-vert\/\" aria-label=\"S\u00e9lectionner les options pour &ldquo;Casquette marron avec logo &quot;Cor do Monte&quot; brod\u00e9 en vert&rdquo;\" data-quantity=\"1\" data-product_id=\"2789\" data-product_sku=\"H4\" rel=\"nofollow\" class=\"wp-block-button__link add_to_cart_button\">Choix des options<\/a><\/div>\n\t\t\t<\/li><li class=\"wc-block-grid__product\">\n\t\t\t\t<a href=\"https:\/\/cordomonte.com\/fr\/produtos\/casquette-noire-avec-cor-do-monte-et-hunting-brodes\/\" class=\"wc-block-grid__product-link\">\n\t\t\t\t\t<div class=\"wc-block-grid__product-image\"><img width=\"400\" height=\"400\" src=\"https:\/\/cordomonte.com\/wp-content\/uploads\/2022\/09\/H3-400x400.jpg\" class=\"attachment-woocommerce_thumbnail size-woocommerce_thumbnail\" alt=\"Casquette noire avec &quot;Cor do Monte&quot; et &quot;HUNTING&quot; brodes\" decoding=\"async\" loading=\"lazy\" srcset=\"https:\/\/cordomonte.com\/wp-content\/uploads\/2022\/09\/H3-400x400.jpg 400w, https:\/\/cordomonte.com\/wp-content\/uploads\/2022\/09\/H3-300x300.jpg 300w, https:\/\/cordomonte.com\/wp-content\/uploads\/2022\/09\/H3-1024x1024.jpg 1024w, https:\/\/cordomonte.com\/wp-content\/uploads\/2022\/09\/H3-150x150.jpg 150w, https:\/\/cordomonte.com\/wp-content\/uploads\/2022\/09\/H3-768x768.jpg 768w, https:\/\/cordomonte.com\/wp-content\/uploads\/2022\/09\/H3-1536x1536.jpg 1536w, https:\/\/cordomonte.com\/wp-content\/uploads\/2022\/09\/H3-2048x2048.jpg 2048w, https:\/\/cordomonte.com\/wp-content\/uploads\/2022\/09\/H3-945x945.jpg 945w, https:\/\/cordomonte.com\/wp-content\/uploads\/2022\/09\/H3-198x198.jpg 198w\" sizes=\"(max-width: 400px) 100vw, 400px\" \/><\/div>\n\t\t\t\t\t<div class=\"wc-block-grid__product-title\">Casquette noire avec &#8220;Cor do Monte&#8221; et &#8220;HUNTING&#8221; brodes<\/div>\n\t\t\t\t<\/a>\n\t\t\t\t\n\t\t\t\t<div class=\"wc-block-grid__product-price price\"><span class=\"woocommerce-Price-amount amount\">9,90<span class=\"woocommerce-Price-currencySymbol\">&euro;<\/span><\/span> <small class=\"woocommerce-price-suffix\">(IVA incl.)<\/small><\/div>\n\t\t\t\t\n\t\t\t\t<div class=\"wp-block-button wc-block-grid__product-add-to-cart\"><a href=\"https:\/\/cordomonte.com\/fr\/produtos\/casquette-noire-avec-cor-do-monte-et-hunting-brodes\/\" aria-label=\"S\u00e9lectionner les options pour &ldquo;Casquette noire avec &quot;Cor do Monte&quot; et &quot;HUNTING&quot; brodes&rdquo;\" data-quantity=\"1\" data-product_id=\"2767\" data-product_sku=\"H3\" rel=\"nofollow\" class=\"wp-block-button__link add_to_cart_button\">Choix des options<\/a><\/div>\n\t\t\t<\/li><li class=\"wc-block-grid__product\">\n\t\t\t\t<a href=\"https:\/\/cordomonte.com\/fr\/produtos\/pantalon-dete-beige\/\" class=\"wc-block-grid__product-link\">\n\t\t\t\t\t<div class=\"wc-block-grid__product-image\"><img width=\"400\" height=\"400\" src=\"https:\/\/cordomonte.com\/wp-content\/uploads\/2022\/09\/Cal-1_Front_Cor-do-monte-1-400x400.jpg\" class=\"attachment-woocommerce_thumbnail size-woocommerce_thumbnail\" alt=\"Pantalon d&#039;\u00e9t\u00e9 beige\" decoding=\"async\" loading=\"lazy\" srcset=\"https:\/\/cordomonte.com\/wp-content\/uploads\/2022\/09\/Cal-1_Front_Cor-do-monte-1-400x400.jpg 400w, https:\/\/cordomonte.com\/wp-content\/uploads\/2022\/09\/Cal-1_Front_Cor-do-monte-1-150x150.jpg 150w, https:\/\/cordomonte.com\/wp-content\/uploads\/2022\/09\/Cal-1_Front_Cor-do-monte-1-198x198.jpg 198w\" sizes=\"(max-width: 400px) 100vw, 400px\" \/><\/div>\n\t\t\t\t\t<div class=\"wc-block-grid__product-title\">Pantalon d&#8217;\u00e9t\u00e9 beige<\/div>\n\t\t\t\t<\/a>\n\t\t\t\t\n\t\t\t\t<div class=\"wc-block-grid__product-price price\"><span class=\"woocommerce-Price-amount amount\">25,00<span class=\"woocommerce-Price-currencySymbol\">&euro;<\/span><\/span> <small class=\"woocommerce-price-suffix\">(IVA incl.)<\/small><\/div>\n\t\t\t\t\n\t\t\t\t<div class=\"wp-block-button wc-block-grid__product-add-to-cart\"><a href=\"https:\/\/cordomonte.com\/fr\/produtos\/pantalon-dete-beige\/\" aria-label=\"S\u00e9lectionner les options pour &ldquo;Pantalon d&#039;\u00e9t\u00e9 beige&rdquo;\" data-quantity=\"1\" data-product_id=\"2720\" data-product_sku=\"F2\" rel=\"nofollow\" class=\"wp-block-button__link add_to_cart_button\">Choix des options<\/a><\/div>\n\t\t\t<\/li><li class=\"wc-block-grid__product\">\n\t\t\t\t<a href=\"https:\/\/cordomonte.com\/fr\/produtos\/pantalon-dete-camel\/\" class=\"wc-block-grid__product-link\">\n\t\t\t\t\t<div class=\"wc-block-grid__product-image\"><img width=\"400\" height=\"400\" src=\"https:\/\/cordomonte.com\/wp-content\/uploads\/2022\/09\/Cal-2_Front_Cor-do-monte-400x400.jpg\" class=\"attachment-woocommerce_thumbnail size-woocommerce_thumbnail\" alt=\"Pantalon d&#039;\u00e9t\u00e9 Camel\" decoding=\"async\" loading=\"lazy\" srcset=\"https:\/\/cordomonte.com\/wp-content\/uploads\/2022\/09\/Cal-2_Front_Cor-do-monte-400x400.jpg 400w, https:\/\/cordomonte.com\/wp-content\/uploads\/2022\/09\/Cal-2_Front_Cor-do-monte-150x150.jpg 150w, https:\/\/cordomonte.com\/wp-content\/uploads\/2022\/09\/Cal-2_Front_Cor-do-monte-198x198.jpg 198w\" sizes=\"(max-width: 400px) 100vw, 400px\" \/><\/div>\n\t\t\t\t\t<div class=\"wc-block-grid__product-title\">Pantalon d&#8217;\u00e9t\u00e9 Camel<\/div>\n\t\t\t\t<\/a>\n\t\t\t\t\n\t\t\t\t<div class=\"wc-block-grid__product-price price\"><span class=\"woocommerce-Price-amount amount\">39,90<span class=\"woocommerce-Price-currencySymbol\">&euro;<\/span><\/span> <small class=\"woocommerce-price-suffix\">(IVA incl.)<\/small><\/div>\n\t\t\t\t\n\t\t\t\t<div class=\"wp-block-button wc-block-grid__product-add-to-cart\"><a href=\"https:\/\/cordomonte.com\/fr\/produtos\/pantalon-dete-camel\/\" aria-label=\"S\u00e9lectionner les options pour &ldquo;Pantalon d&#039;\u00e9t\u00e9 Camel&rdquo;\" data-quantity=\"1\" data-product_id=\"2692\" data-product_sku=\"F1\" rel=\"nofollow\" class=\"wp-block-button__link add_to_cart_button\">Choix des options<\/a><\/div>\n\t\t\t<\/li><li class=\"wc-block-grid__product\">\n\t\t\t\t<a href=\"https:\/\/cordomonte.com\/fr\/produtos\/t-shirt-rouge-avec-patch-sur-la-poitrine\/\" class=\"wc-block-grid__product-link\">\n\t\t\t\t\t<div class=\"wc-block-grid__product-image\"><img width=\"400\" height=\"400\" src=\"https:\/\/cordomonte.com\/wp-content\/uploads\/2022\/08\/T7_Front_Cor-do-monte-400x400.jpg\" class=\"attachment-woocommerce_thumbnail size-woocommerce_thumbnail\" alt=\"T-shirt rouge avec patch sur la poitrine\" decoding=\"async\" loading=\"lazy\" srcset=\"https:\/\/cordomonte.com\/wp-content\/uploads\/2022\/08\/T7_Front_Cor-do-monte-400x400.jpg 400w, https:\/\/cordomonte.com\/wp-content\/uploads\/2022\/08\/T7_Front_Cor-do-monte-150x150.jpg 150w, https:\/\/cordomonte.com\/wp-content\/uploads\/2022\/08\/T7_Front_Cor-do-monte-198x198.jpg 198w\" sizes=\"(max-width: 400px) 100vw, 400px\" \/><\/div>\n\t\t\t\t\t<div class=\"wc-block-grid__product-title\">T-shirt rouge avec patch sur la poitrine<\/div>\n\t\t\t\t<\/a>\n\t\t\t\t\n\t\t\t\t<div class=\"wc-block-grid__product-price price\"><span class=\"woocommerce-Price-amount amount\">14,90<span class=\"woocommerce-Price-currencySymbol\">&euro;<\/span><\/span> <small class=\"woocommerce-price-suffix\">(IVA incl.)<\/small><\/div>\n\t\t\t\t\n\t\t\t\t<div class=\"wp-block-button wc-block-grid__product-add-to-cart\"><a href=\"https:\/\/cordomonte.com\/fr\/produtos\/t-shirt-rouge-avec-patch-sur-la-poitrine\/\" aria-label=\"S\u00e9lectionner les options pour &ldquo;T-shirt rouge avec patch sur la poitrine&rdquo;\" data-quantity=\"1\" data-product_id=\"2647\" data-product_sku=\"B15\" rel=\"nofollow\" class=\"wp-block-button__link add_to_cart_button\">Choix des options<\/a><\/div>\n\t\t\t<\/li><\/ul><\/div>","protected":false},"excerpt":{"rendered":"","protected":false},"author":3,"featured_media":0,"parent":0,"menu_order":0,"comment_status":"closed","ping_status":"closed","template":"","meta":{"_monsterinsights_skip_tracking":false,"_monsterinsights_sitenote_active":false,"_monsterinsights_sitenote_note":"","_monsterinsights_sitenote_category":0},"yoast_head":"<!-- This site is optimized with the Yoast SEO plugin v19.10 - https:\/\/yoast.com\/wordpress\/plugins\/seo\/ -->\n<title>Nouveaux produits - Cor do Monte<\/title>\n<meta name=\"robots\" content=\"index, follow, max-snippet:-1, max-image-preview:large, max-video-preview:-1\" \/>\n<link rel=\"canonical\" href=\"https:\/\/cordomonte.com\/fr\/nouveaux-produits\/\" \/>\n<meta property=\"og:locale\" content=\"fr_FR\" \/>\n<meta property=\"og:type\" content=\"article\" \/>\n<meta property=\"og:title\" content=\"Nouveaux produits - Cor do Monte\" \/>\n<meta property=\"og:url\" content=\"https:\/\/cordomonte.com\/fr\/nouveaux-produits\/\" \/>\n<meta property=\"og:site_name\" content=\"Cor do Monte\" \/>\n<meta property=\"article:modified_time\" content=\"2022-07-12T08:30:32+00:00\" \/>\n<meta name=\"twitter:card\" content=\"summary_large_image\" \/>\n<script type=\"application\/ld+json\" class=\"yoast-schema-graph\">{\"@context\":\"https:\/\/schema.org\",\"@graph\":[{\"@type\":\"WebPage\",\"@id\":\"https:\/\/cordomonte.com\/fr\/nouveaux-produits\/\",\"url\":\"https:\/\/cordomonte.com\/fr\/nouveaux-produits\/\",\"name\":\"Nouveaux produits - Cor do Monte\",\"isPartOf\":{\"@id\":\"https:\/\/cordomonte.com\/#website\"},\"datePublished\":\"2022-07-12T08:22:14+00:00\",\"dateModified\":\"2022-07-12T08:30:32+00:00\",\"breadcrumb\":{\"@id\":\"https:\/\/cordomonte.com\/fr\/nouveaux-produits\/#breadcrumb\"},\"inLanguage\":\"fr-FR\",\"potentialAction\":[{\"@type\":\"ReadAction\",\"target\":[\"https:\/\/cordomonte.com\/fr\/nouveaux-produits\/\"]}]},{\"@type\":\"BreadcrumbList\",\"@id\":\"https:\/\/cordomonte.com\/fr\/nouveaux-produits\/#breadcrumb\",\"itemListElement\":[{\"@type\":\"ListItem\",\"position\":1,\"name\":\"In\u00edcio\",\"item\":\"https:\/\/cordomonte.com\/fr\/\"},{\"@type\":\"ListItem\",\"position\":2,\"name\":\"Nouveaux produits\"}]},{\"@type\":\"WebSite\",\"@id\":\"https:\/\/cordomonte.com\/#website\",\"url\":\"https:\/\/cordomonte.com\/\",\"name\":\"Cor do Monte\",\"description\":\"Vestu\u00e1rio de Ca\u00e7a\",\"publisher\":{\"@id\":\"https:\/\/cordomonte.com\/#organization\"},\"potentialAction\":[{\"@type\":\"SearchAction\",\"target\":{\"@type\":\"EntryPoint\",\"urlTemplate\":\"https:\/\/cordomonte.com\/?s={search_term_string}\"},\"query-input\":\"required name=search_term_string\"}],\"inLanguage\":\"fr-FR\"},{\"@type\":\"Organization\",\"@id\":\"https:\/\/cordomonte.com\/#organization\",\"name\":\"Cor do Monte\",\"url\":\"https:\/\/cordomonte.com\/\",\"logo\":{\"@type\":\"ImageObject\",\"inLanguage\":\"fr-FR\",\"@id\":\"https:\/\/cordomonte.com\/#\/schema\/logo\/image\/\",\"url\":\"https:\/\/cordomonte.com\/wp-content\/uploads\/2020\/08\/logo-e1598863345149.png\",\"contentUrl\":\"https:\/\/cordomonte.com\/wp-content\/uploads\/2020\/08\/logo-e1598863345149.png\",\"width\":500,\"height\":195,\"caption\":\"Cor do Monte\"},\"image\":{\"@id\":\"https:\/\/cordomonte.com\/#\/schema\/logo\/image\/\"}}]}<\/script>\n<!-- \/ Yoast SEO plugin. -->","yoast_head_json":{"title":"Nouveaux produits - Cor do Monte","robots":{"index":"index","follow":"follow","max-snippet":"max-snippet:-1","max-image-preview":"max-image-preview:large","max-video-preview":"max-video-preview:-1"},"canonical":"https:\/\/cordomonte.com\/fr\/nouveaux-produits\/","og_locale":"fr_FR","og_type":"article","og_title":"Nouveaux produits - Cor do Monte","og_url":"https:\/\/cordomonte.com\/fr\/nouveaux-produits\/","og_site_name":"Cor do Monte","article_modified_time":"2022-07-12T08:30:32+00:00","twitter_card":"summary_large_image","schema":{"@context":"https:\/\/schema.org","@graph":[{"@type":"WebPage","@id":"https:\/\/cordomonte.com\/fr\/nouveaux-produits\/","url":"https:\/\/cordomonte.com\/fr\/nouveaux-produits\/","name":"Nouveaux produits - Cor do Monte","isPartOf":{"@id":"https:\/\/cordomonte.com\/#website"},"datePublished":"2022-07-12T08:22:14+00:00","dateModified":"2022-07-12T08:30:32+00:00","breadcrumb":{"@id":"https:\/\/cordomonte.com\/fr\/nouveaux-produits\/#breadcrumb"},"inLanguage":"fr-FR","potentialAction":[{"@type":"ReadAction","target":["https:\/\/cordomonte.com\/fr\/nouveaux-produits\/"]}]},{"@type":"BreadcrumbList","@id":"https:\/\/cordomonte.com\/fr\/nouveaux-produits\/#breadcrumb","itemListElement":[{"@type":"ListItem","position":1,"name":"In\u00edcio","item":"https:\/\/cordomonte.com\/fr\/"},{"@type":"ListItem","position":2,"name":"Nouveaux produits"}]},{"@type":"WebSite","@id":"https:\/\/cordomonte.com\/#website","url":"https:\/\/cordomonte.com\/","name":"Cor do Monte","description":"Vestu\u00e1rio de Ca\u00e7a","publisher":{"@id":"https:\/\/cordomonte.com\/#organization"},"potentialAction":[{"@type":"SearchAction","target":{"@type":"EntryPoint","urlTemplate":"https:\/\/cordomonte.com\/?s={search_term_string}"},"query-input":"required name=search_term_string"}],"inLanguage":"fr-FR"},{"@type":"Organization","@id":"https:\/\/cordomonte.com\/#organization","name":"Cor do Monte","url":"https:\/\/cordomonte.com\/","logo":{"@type":"ImageObject","inLanguage":"fr-FR","@id":"https:\/\/cordomonte.com\/#\/schema\/logo\/image\/","url":"https:\/\/cordomonte.com\/wp-content\/uploads\/2020\/08\/logo-e1598863345149.png","contentUrl":"https:\/\/cordomonte.com\/wp-content\/uploads\/2020\/08\/logo-e1598863345149.png","width":500,"height":195,"caption":"Cor do Monte"},"image":{"@id":"https:\/\/cordomonte.com\/#\/schema\/logo\/image\/"}}]}},"_links":{"self":[{"href":"https:\/\/cordomonte.com\/fr\/wp-json\/wp\/v2\/pages\/1703"}],"collection":[{"href":"https:\/\/cordomonte.com\/fr\/wp-json\/wp\/v2\/pages"}],"about":[{"href":"https:\/\/cordomonte.com\/fr\/wp-json\/wp\/v2\/types\/page"}],"author":[{"embeddable":true,"href":"https:\/\/cordomonte.com\/fr\/wp-json\/wp\/v2\/users\/3"}],"replies":[{"embeddable":true,"href":"https:\/\/cordomonte.com\/fr\/wp-json\/wp\/v2\/comments?post=1703"}],"version-history":[{"count":5,"href":"https:\/\/cordomonte.com\/fr\/wp-json\/wp\/v2\/pages\/1703\/revisions"}],"predecessor-version":[{"id":1708,"href":"https:\/\/cordomonte.com\/fr\/wp-json\/wp\/v2\/pages\/1703\/revisions\/1708"}],"wp:attachment":[{"href":"https:\/\/cordomonte.com\/fr\/wp-json\/wp\/v2\/media?parent=1703"}],"curies":[{"name":"wp","href":"https:\/\/api.w.org\/{rel}","templated":true}]}}